{"id":21,"date":"2024-07-04T15:20:19","date_gmt":"2024-07-04T13:20:19","guid":{"rendered":"https:\/\/avenir-occitanisme.org\/?page_id=21"},"modified":"2024-11-19T16:51:52","modified_gmt":"2024-11-19T15:51:52","slug":"accueil","status":"publish","type":"page","link":"https:\/\/avenir-occitanisme.org\/","title":{"rendered":"Acu\u00e8lh"},"content":{"rendered":"<h3 style=\"text-align: justify;\"><strong>\u00a0 \u00a0 \u00a0 \u00a0 \u00a0<span style=\"color: #800000;\"> \u00a0 \u00a0 \u00a0 \u00a0 \u00a0 \u00a0 \u00a0 \u00a0 \u00a0 \u00a0 \u00a0 \u00a0 \u00a0 \u00a0 \u00a0 \u00a0 \u00a0 \u00a0 Proposition de manifeste pan-occitaniste<\/span><\/strong><\/h3>\n<h3 style=\"text-align: justify;\"><span style=\"color: #800000;\"><strong><em>\u00a0 \u00a0 \u00a0 \u00a0 \u00a0 \u00a0 \u00a0 \u00a0 \u00a0 \u00a0 \u00a0 \u00a0 \u00a0 \u00a0 \u00a0 \u00a0 \u00a0 \u00a0 \u00a0 \u00a0 \u00a0 \u00a0 \u00a0 \u00a0 \u00a0 \u00a0 \u00a0 \u00a0 El\u00e9ments de contexte<\/em><\/strong><\/span><\/h3>\n<p style=\"text-align: justify;\"><span style=\"color: #000000;\">\u00a0\u00a0\u00a0\u00a0\u00a0\u00a0\u00a0\u00a0 \u00a0\u00a0\u00a0\u00a0\u00a0\u00a0\u00a0Le contexte \u00e9lectoral mondial, notamment europ\u00e9en, se traduit par un ph\u00e9nom\u00e8ne inqui\u00e9tant: r\u00e9sultante de crises \u00e0 r\u00e9p\u00e9tition \u2013financi\u00e8re, \u00e9cologique, sanitaire, socio-\u00e9conomique, intercommunautaire, g\u00e9opolitique\u2026- de nombreux pays sont d\u00e9sormais gouvern\u00e9s par des \u00e9quipes d\u2019extr\u00eame droite nationalistes, x\u00e9nophobes et autoritaires. A en juger les sondages, la France n\u2019est pas \u00e9pargn\u00e9e par cette lame de fond. Dans des pays musulmans, un islamisme politique fondamentaliste entrave les processus d\u00e9mocratiques. R\u00e9sultante de cette involution, la multiplication dangereuse des conflits guerriers aux fronti\u00e8res de l&rsquo;Europe.<\/span><\/p>\n<p style=\"text-align: justify;\"><span style=\"color: #000000;\">\u00a0 \u00a0 \u00a0 \u00a0 \u00a0 \u00a0 \u00a0 \u00a0 Institutions \u00e9ducatives, l\u2019Ecole et l&rsquo;universit\u00e9 subissent de plein fouet cette anti-culture de violence, pendant que les institutions r\u00e9galiennes \u2013police et arm\u00e9e- sont toujours davantage pl\u00e9biscit\u00e9es, au nom d\u2019une id\u00e9ologie s\u00e9curitaire qui pr\u00f4ne le repli sur soi.\u00a0 \u00a0<\/span><\/p>\n<p style=\"text-align: justify;\"><span style=\"color: #000000;\">\u00a0 \u00a0 \u00a0 \u00a0 \u00a0 \u00a0 \u00a0 \u00a0 \u00a0 \u00a0Les cultures dites r\u00e9gionales, dont l\u2019occitane, sont impact\u00e9es par ce regain nationaliste, qui renforce toujours davantage le centralisme d\u2019Etat et entrave les processus d\u2019autonomisation. Comme en t\u00e9moignent la r\u00e9forme du lyc\u00e9e et du baccalaur\u00e9at qui met en p\u00e9ril le suivi des \u00e9tudes en langues r\u00e9gionales, la rar\u00e9faction des recrutements d\u2019enseignant-es, les amendements de la bienvenue loi Molac par le Conseil constitutionnel, l\u2019inauguration de la cit\u00e9 internationale du fran\u00e7ais \u00ab\u00a0langue unique\u00a0\u00bb \u00e0 Villers-Cotter\u00eats, en l\u2019absence de r\u00e9f\u00e9rence aux langues r\u00e9gionales\u2026<\/span><\/p>\n<h3 style=\"text-align: justify;\">\u00a0\u00a0\u00a0\u00a0\u00a0\u00a0\u00a0\u00a0\u00a0\u00a0\u00a0\u00a0\u00a0\u00a0\u00a0\u00a0\u00a0\u00a0\u00a0\u00a0\u00a0\u00a0\u00a0<span style=\"color: #ff0000;\">\u00a0 \u00a0 \u00a0 \u00a0 \u00a0 \u00a0 \u00a0 \u00a0 \u00a0 \u00a0 \u00a0 \u00a0 \u00a0 \u00a0 \u00a0 <span style=\"color: #800000;\">\u00a0 <strong><em>Etat des lieux pan-occitan<\/em><\/strong><\/span><\/span><\/h3>\n<p style=\"text-align: justify;\">\u00a0\u00a0\u00a0\u00a0\u00a0\u00a0\u00a0\u00a0\u00a0\u00a0\u00a0\u00a0\u00a0\u00a0\u00a0<span style=\"color: #000000;\">\u00a0 Des acquis obtenus de haute lutte par les g\u00e9n\u00e9rations ant\u00e9rieures demeurent tel l\u2019IEO, le r\u00e9seau des \u00e9coles primaires associatives dont les\u00a0<em>Calandretas<\/em>\u00a0en Occitanie, \u00d2c-Bi, lo\u00a0CLO, le CIRDOC \u00e0 B\u00e9ziers,\u00a0l&rsquo;OPLO (Office public de la langue occitane)\u00a0\u00e0 Toulouse,\u00a0le\u00a0Conseil de la langue occitane\u00a0ou\u00a0CLO\u00a0et l\u2019<em>Acad\u00e8mia Occitana<\/em>, lo Congr\u00e8s Permanent de la Lenga Occitana, Le Carrefour culturel Arnaud Bernard et le Forom des langues du monde (Toulouse), l&rsquo;universit\u00e9 d&rsquo;\u00e9t\u00e9 de Lagu\u00e9pie, la FELCO membre de la FLAREP (Montpellier)\u2026 Dans des m\u00e9tropoles r\u00e9gionales comme Toulouse, le regroupement des associations, telle <em>Convergencia Occitana,<\/em>\u00a0permet de plaider plus efficacement notre cause aupr\u00e8s des pouvoirs publics municipaux, d\u00e9partementaux, r\u00e9gionaux.\u00a0<\/span><\/p>\n<p style=\"text-align: justify;\"><span style=\"color: #000000;\">\u00a0\u00a0\u00a0\u00a0\u00a0\u00a0\u00a0\u00a0\u00a0\u00a0\u00a0\u00a0\u00a0\u00a0\u00a0\u00a0\u00a0 Cela dit, certaines limites de l\u2019occitanisme sont \u00e0 identifier pour esp\u00e9rer une marge de progression\u00a0significative:<\/span><\/p>\n<p style=\"text-align: justify;\"><span style=\"color: #000000;\">-le monde associatif est constitu\u00e9 surtout\u00a0d\u2019organismes assez isol\u00e9s et\u00a0d\u2019associations dont l&rsquo;objectif est d&rsquo;abord strat\u00e9gique et organisationnel.\u00a0<strong>Il manque un laboratoire d\u2019id\u00e9es<\/strong>\u00a0qui regroupe intellectuels (experts, d\u00e9batteurs) et organisateurs (d\u00e9cideurs) et qui permette de prendre du recul face aux contextes g\u00e9o-historiques, de valider acquis et passifs au compte des diff\u00e9rentes g\u00e9n\u00e9rations d\u2019acteurs culturels, de d\u00e9gager des prospectives viables\u2026Trop souvent, dans ce contexte pragmatique, les intellectuels, des auteurs, \u00e9crivains, artistes\u2026sont isol\u00e9s dans leur exercice.<\/span><\/p>\n<p style=\"text-align: justify;\"><span style=\"color: #000000;\"><strong>-le manque de moyens de communication<\/strong>\u00a0participe aussi de cette marginalisation\u00a0et de celle du monde occitaniste d\u2019une mani\u00e8re g\u00e9n\u00e9rale. S\u2019il existe des journaux en ligne tels le\u00a0<em>Jornalet<\/em>\u00a0ou des cha\u00eenes de t\u00e9l\u00e9vision et de radio associatives, comme\u00a0<em>Radio Occitania,<\/em>\u00a0l\u2019ensemble est peu m\u00e9diatis\u00e9 et reconnu. Sans parler des citoyens non occitanistes, combien d\u2019entre nous connaissent le panel des institutions et organisations, ainsi que des possibilit\u00e9s offertes\u00a0?\u00a0 Un comparatif avec les m\u00e9dias catalanistes serait utile, \u00e0 cet \u00e9gard. \u00a0\u00a0<\/span><\/p>\n<p style=\"text-align: justify;\"><span style=\"color: #000000;\"><strong><em>-la limitation ou l\u2019arr\u00eat d\u2019activit\u00e9s,<\/em><\/strong>\u00a0<strong><em>pourtant reconnues et fructueuses:<\/em><\/strong>\u00a0arr\u00eat du festival d\u2019\u00e9t\u00e9 de Rodez (<em>Estivada),<\/em>\u00a0des marches annuelles pour la langue, difficult\u00e9s de gestion du\u00a0CAP&rsquo;\u00d2C (Centre d\u2019animation p\u00e9dagogique en langue occitane) \u00e0 Pau\u00a0<sup>[1]<\/sup>\u00a0\u2026\u00a0\u00a0\u00a0\u00a0<em>\u00a0\u00a0\u00a0\u00a0\u00a0\u00a0\u00a0\u00a0\u00a0\u00a0\u00a0\u00a0\u00a0\u00a0\u00a0\u00a0\u00a0\u00a0\u00a0\u00a0\u00a0\u00a0\u00a0\u00a0\u00a0\u00a0\u00a0\u00a0<\/em><\/span><\/p>\n<h3 style=\"text-align: justify;\"><strong><em>\u00a0\u00a0\u00a0\u00a0\u00a0\u00a0\u00a0\u00a0\u00a0\u00a0\u00a0\u00a0\u00a0\u00a0\u00a0\u00a0\u00a0\u00a0\u00a0<span style=\"color: #ff0000;\">\u00a0 \u00a0 \u00a0 \u00a0 \u00a0 \u00a0 \u00a0 \u00a0 \u00a0 \u00a0 \u00a0 \u00a0 \u00a0 \u00a0 \u00a0 \u00a0 \u00a0 \u00a0 \u00a0 \u00a0 \u00a0 \u00a0<span style=\"color: #800000;\"> \u00a0 \u00a0Pr\u00e9conisations<\/span><\/span><\/em><\/strong><\/h3>\n<p style=\"text-align: justify;\"><span style=\"color: #000000;\">&#8211;<strong><em>Constituer un laboratoire d\u2019id\u00e9es,<\/em><\/strong>\u00a0accessible \u00e0 un plus grand nombre (intellectuel-les, acteurs et actrices culturels, jeunes g\u00e9n\u00e9rations\u2026) sur la base de la mixit\u00e9 et qui comprenne des repr\u00e9sentant-es des diff\u00e9rentes institutions et organisations occitanistes. Dans l\u2019objectif de contextualiser les enjeux, de prendre attache avec des homologues r\u00e9gionaux pour s\u2019inspirer des exemples de r\u00e9ussite tant id\u00e9ologiques que strat\u00e9giques, de proposer au mouvement associatif des pistes \u00e9volutives\u2026<\/span><\/p>\n<p style=\"text-align: justify;\"><span style=\"color: #000000;\"><strong><em>-Cr\u00e9er une APO -Agence de presse Occitane-<\/em><\/strong>\u00a0(br\u00e8ves, informations, initiatives), dans le but de constituer une structure professionnelle, ind\u00e9pendante des sites actuels sur internet<\/span><br \/>\n<span style=\"color: #000000;\"><strong><em><br \/>\n&#8211; Constituer un site et des r\u00e9seaux sociaux bilingues qui mutualisent<\/em><\/strong>\u00a0et archivent les ressources pr\u00e9cit\u00e9es et \u00e9tablissent bibliographie, filmographie\u2026Avec un volet collaboratif et participatif favorisant \u00a0une expression spontan\u00e9e et circonstanci\u00e9e.<\/span><\/p>\n<p style=\"text-align: justify;\"><strong><em><span style=\"color: #000000;\">-Publier des petits livrets d\u2019une m\u00eame collection,\u00a0<\/span><\/em><\/strong><span style=\"color: #000000;\">\u00e0 caract\u00e8re p\u00e9dagogique,\u00a0qui\u00a0permettraient de mieux capitaliser les acquis.<\/span><\/p>\n","protected":false},"excerpt":{"rendered":"<p>\u00a0 \u00a0 \u00a0 \u00a0 \u00a0 \u00a0 \u00a0 \u00a0 \u00a0 \u00a0 \u00a0 \u00a0 \u00a0 \u00a0 \u00a0 \u00a0 \u00a0 \u00a0 \u00a0 \u00a0 \u00a0 \u00a0 \u00a0 Proposition de manifeste pan-occitaniste \u00a0 \u00a0 \u00a0 \u00a0 \u00a0 \u00a0 \u00a0 \u00a0 \u00a0 \u00a0 \u00a0 \u00a0 \u00a0 \u00a0 \u00a0 \u00a0 \u00a0 \u00a0 \u00a0 \u00a0 \u00a0 \u00a0 \u00a0 \u00a0 \u00a0 \u00a0 \u00a0 \u00a0 [&hellip;]<\/p>\n","protected":false},"author":1,"featured_media":0,"parent":0,"menu_order":0,"comment_status":"closed","ping_status":"closed","template":"","meta":{"ocean_post_layout":"","ocean_both_sidebars_style":"","ocean_both_sidebars_content_width":0,"ocean_both_sidebars_sidebars_width":0,"ocean_sidebar":"0","ocean_second_sidebar":"0","ocean_disable_margins":"enable","ocean_add_body_class":"","ocean_shortcode_before_top_bar":"","ocean_shortcode_after_top_bar":"","ocean_shortcode_before_header":"","ocean_shortcode_after_header":"","ocean_has_shortcode":"","ocean_shortcode_after_title":"","ocean_shortcode_before_footer_widgets":"","ocean_shortcode_after_footer_widgets":"","ocean_shortcode_before_footer_bottom":"","ocean_shortcode_after_footer_bottom":"","ocean_display_top_bar":"default","ocean_display_header":"default","ocean_header_style":"","ocean_center_header_left_menu":"0","ocean_custom_header_template":"0","ocean_custom_logo":0,"ocean_custom_retina_logo":0,"ocean_custom_logo_max_width":0,"ocean_custom_logo_tablet_max_width":0,"ocean_custom_logo_mobile_max_width":0,"ocean_custom_logo_max_height":0,"ocean_custom_logo_tablet_max_height":0,"ocean_custom_logo_mobile_max_height":0,"ocean_header_custom_menu":"0","ocean_menu_typo_font_family":"0","ocean_menu_typo_font_subset":"","ocean_menu_typo_font_size":0,"ocean_menu_typo_font_size_tablet":0,"ocean_menu_typo_font_size_mobile":0,"ocean_menu_typo_font_size_unit":"px","ocean_menu_typo_font_weight":"","ocean_menu_typo_font_weight_tablet":"","ocean_menu_typo_font_weight_mobile":"","ocean_menu_typo_transform":"","ocean_menu_typo_transform_tablet":"","ocean_menu_typo_transform_mobile":"","ocean_menu_typo_line_height":0,"ocean_menu_typo_line_height_tablet":0,"ocean_menu_typo_line_height_mobile":0,"ocean_menu_typo_line_height_unit":"","ocean_menu_typo_spacing":0,"ocean_menu_typo_spacing_tablet":0,"ocean_menu_typo_spacing_mobile":0,"ocean_menu_typo_spacing_unit":"","ocean_menu_link_color":"","ocean_menu_link_color_hover":"","ocean_menu_link_color_active":"","ocean_menu_link_background":"","ocean_menu_link_hover_background":"","ocean_menu_link_active_background":"","ocean_menu_social_links_bg":"","ocean_menu_social_hover_links_bg":"","ocean_menu_social_links_color":"","ocean_menu_social_hover_links_color":"","ocean_disable_title":"default","ocean_disable_heading":"default","ocean_post_title":"","ocean_post_subheading":"","ocean_post_title_style":"","ocean_post_title_background_color":"","ocean_post_title_background":0,"ocean_post_title_bg_image_position":"","ocean_post_title_bg_image_attachment":"","ocean_post_title_bg_image_repeat":"","ocean_post_title_bg_image_size":"","ocean_post_title_height":0,"ocean_post_title_bg_overlay":0.5,"ocean_post_title_bg_overlay_color":"","ocean_disable_breadcrumbs":"default","ocean_breadcrumbs_color":"","ocean_breadcrumbs_separator_color":"","ocean_breadcrumbs_links_color":"","ocean_breadcrumbs_links_hover_color":"","ocean_display_footer_widgets":"default","ocean_display_footer_bottom":"default","ocean_custom_footer_template":"0","footnotes":""},"class_list":["post-21","page","type-page","status-publish","hentry","entry"],"_links":{"self":[{"href":"https:\/\/avenir-occitanisme.org\/index.php\/wp-json\/wp\/v2\/pages\/21","targetHints":{"allow":["GET"]}}],"collection":[{"href":"https:\/\/avenir-occitanisme.org\/index.php\/wp-json\/wp\/v2\/pages"}],"about":[{"href":"https:\/\/avenir-occitanisme.org\/index.php\/wp-json\/wp\/v2\/types\/page"}],"author":[{"embeddable":true,"href":"https:\/\/avenir-occitanisme.org\/index.php\/wp-json\/wp\/v2\/users\/1"}],"replies":[{"embeddable":true,"href":"https:\/\/avenir-occitanisme.org\/index.php\/wp-json\/wp\/v2\/comments?post=21"}],"version-history":[{"count":15,"href":"https:\/\/avenir-occitanisme.org\/index.php\/wp-json\/wp\/v2\/pages\/21\/revisions"}],"predecessor-version":[{"id":400,"href":"https:\/\/avenir-occitanisme.org\/index.php\/wp-json\/wp\/v2\/pages\/21\/revisions\/400"}],"wp:attachment":[{"href":"https:\/\/avenir-occitanisme.org\/index.php\/wp-json\/wp\/v2\/media?parent=21"}],"curies":[{"name":"wp","href":"https:\/\/api.w.org\/{rel}","templated":true}]}}